

{"id":2828,"date":"2020-07-11T10:41:14","date_gmt":"2020-07-11T14:41:14","guid":{"rendered":"https:\/\/reseaucompassionnetwork.ca\/faits-marquants-du-reseau\/"},"modified":"2021-08-09T13:35:21","modified_gmt":"2021-08-09T17:35:21","slug":"faits-marquants-du-reseau","status":"publish","type":"page","link":"https:\/\/reseaucompassionnetwork.ca\/fr\/faits-marquants-du-reseau\/","title":{"rendered":"Mise \u00e0 jour COVID-19"},"content":{"rendered":"<p>[et_pb_section fb_built=\u00a0\u00bb1&Prime; fullwidth=\u00a0\u00bbon\u00a0\u00bb next_background_color=\u00a0\u00bb#ffffff\u00a0\u00bb _builder_version=\u00a0\u00bb4.6.0&Prime; use_background_color_gradient=\u00a0\u00bbon\u00a0\u00bb background_color_gradient_start=\u00a0\u00bb#f7f4eb\u00a0\u00bb background_color_gradient_end=\u00a0\u00bbrgba(0,0,0,0)\u00a0\u00bb background_color_gradient_direction=\u00a0\u00bb98deg\u00a0\u00bb background_color_gradient_start_position=\u00a0\u00bb28%\u00a0\u00bb background_color_gradient_overlays_image=\u00a0\u00bbon\u00a0\u00bb background_image=\u00a0\u00bbhttps:\/\/reseaucompassionnetwork.ca\/wp-content\/uploads\/2021\/07\/Replaces-2-people-in-banner-covidresized.jpg\u00a0\u00bb bottom_divider_style=\u00a0\u00bbwave2&Prime; bottom_divider_height=\u00a0\u00bb39px\u00a0\u00bb hover_enabled=\u00a0\u00bb0&Prime; background_position=\u00a0\u00bbtop_center\u00a0\u00bb sticky_enabled=\u00a0\u00bb0&Prime;][et_pb_fullwidth_post_title title=\u00a0\u00bboff\u00a0\u00bb meta=\u00a0\u00bboff\u00a0\u00bb featured_placement=\u00a0\u00bbbackground\u00a0\u00bb admin_label=\u00a0\u00bbchange featured image in post details\u00a0\u00bb _builder_version=\u00a0\u00bb4.4.7&Prime; background_color=\u00a0\u00bbrgba(0,0,0,0)\u00a0\u00bb use_background_color_gradient=\u00a0\u00bbon\u00a0\u00bb background_color_gradient_start=\u00a0\u00bb#ffffff\u00a0\u00bb background_color_gradient_end=\u00a0\u00bbrgba(255,255,255,0)\u00a0\u00bb background_color_gradient_end_position=\u00a0\u00bb50%\u00a0\u00bb background_color_gradient_overlays_image=\u00a0\u00bbon\u00a0\u00bb][\/et_pb_fullwidth_post_title][\/et_pb_section][et_pb_section fb_built=\u00a0\u00bb1&Prime; _builder_version=\u00a0\u00bb4.4.7&Prime; background_color_gradient_start_position=\u00a0\u00bb30%\u00a0\u00bb custom_padding=\u00a0\u00bb0px||40px||false|false\u00a0\u00bb top_divider_style=\u00a0\u00bbnone\u00a0\u00bb top_divider_color=\u00a0\u00bb#f7f4eb\u00a0\u00bb top_divider_height=\u00a0\u00bb50px\u00a0\u00bb top_divider_flip=\u00a0\u00bbhorizontal\u00a0\u00bb bottom_divider_height=\u00a0\u00bb50px\u00a0\u00bb][et_pb_row _builder_version=\u00a0\u00bb4.4.7&Prime; custom_margin=\u00a0\u00bb0px||0px||false|false\u00a0\u00bb custom_padding=\u00a0\u00bb0px||0px||false|false\u00a0\u00bb][et_pb_column type=\u00a0\u00bb4_4&Prime; _builder_version=\u00a0\u00bb4.4.7&Prime;][et_pb_post_title meta=\u00a0\u00bboff\u00a0\u00bb featured_image=\u00a0\u00bboff\u00a0\u00bb _builder_version=\u00a0\u00bb4.4.7&Prime; title_text_color=\u00a0\u00bb#006699&Prime; custom_margin=\u00a0\u00bb0px||0px||false|false\u00a0\u00bb custom_padding=\u00a0\u00bb0px||0px||false|false\u00a0\u00bb][\/et_pb_post_title][\/et_pb_column][\/et_pb_row][et_pb_row column_structure=\u00a0\u00bb2_3,1_3&Prime; _builder_version=\u00a0\u00bb4.4.7&Prime; custom_padding=\u00a0\u00bb0px||25px||false|false\u00a0\u00bb][et_pb_column type=\u00a0\u00bb2_3&Prime; _builder_version=\u00a0\u00bb4.4.7&Prime;][et_pb_text _builder_version=\u00a0\u00bb4.6.0&Prime;]<\/p>\n<h2>Les organisations de notre r\u00e9seau font un travail incroyable dans leurs communaut\u00e9s.<\/h2>\n<p>Nous sommes fiers des contributions proactives et r\u00e9actives de chacune d\u2019elles alors qu\u2019elles ont r\u00e9pondu avec cr\u00e9ativit\u00e9 et en temps opportun aux besoins de COVID-19 dans notre communaut\u00e9.<\/p>\n<p>Nous sommes impressionn\u00e9s par leurs efforts inlassables, leur innovation, leur leadership et leur d\u00e9vouement tout au long de la pand\u00e9mie pour que les Manitobains restent en s\u00e9curit\u00e9, en bonne sant\u00e9 et en contact avec leurs proches.<\/p>\n<h3>Sara Riel, le Centre Youville et le Centre de renouveau Aulneau<\/h3>\n<hr \/>\n<p><img loading=\"lazy\" decoding=\"async\" src=\"https:\/\/reseaucompassionnetwork.ca\/wp-content\/uploads\/2020\/06\/health-help-150x150.jpg\" width=\"150\" height=\"150\" alt=\"\" class=\"wp-image-2532 alignleft size-thumbnail\" \/>Trois organisations de notre r\u00e9seau offrent des conseils et des services de sant\u00e9 gratuits aux enfants, aux adolescents et aux adultes pour aider \u00e0 r\u00e9pondre au besoin croissant de services de sant\u00e9 et de sant\u00e9 mentale pendant cette pand\u00e9mie mondiale.<\/p>\n<p><a href=\"\/fr\/chc22140\/2020\/05\/22\/la-compassion-en-vedette\/\" target=\"_blank\" rel=\"noopener noreferrer\">En savoir plus<\/a><\/p>\n<h3>Marymound<\/h3>\n<hr \/>\n<p><img loading=\"lazy\" decoding=\"async\" src=\"https:\/\/reseaucompassionnetwork.ca\/wp-content\/uploads\/2020\/06\/marymound-easter-150x150.jpg\" width=\"150\" height=\"150\" alt=\"\" class=\"wp-image-2831 alignleft size-thumbnail\" \/>M\u00eame sous les restrictions COVID-19, Marymound continue \u00e0 offrir des programmes et des services. Il convient de noter tout particuli\u00e8rement pendant cette p\u00e9riode, le travail effectu\u00e9 dans le Marymound Nord. En ces temps difficiles, le programme continue \u00e0 servir les enfants et les familles de la r\u00e9gion de Thompson.<\/p>\n<p>Pendant P\u00e2ques, Marymound a livr\u00e9 des paniers de P\u00e2ques sp\u00e9ciaux \u00e0 20 enfants et \u00e0 leurs familles. Ils sont heureux d&rsquo;annoncer que les valeurs de Marymound sont bien vivantes dans le Nord, et leurs efforts semblent \u00eatre appr\u00e9ci\u00e9s par les communaut\u00e9s dans lesquelles ils servent !<\/p>\n<p><a href=\"https:\/\/www.marymound.com\/main\/\" target=\"_blank\" rel=\"noopener noreferrer\">En savoir plus<\/a><\/p>\n<h3>Centre Flavie-Laurent<\/h3>\n<hr \/>\n<p>Tout en maintenant des protocoles de distanciation sociale, Centre Flavie-Laurent a pu aider les Manitobains dans le besoin en r\u00e9pondant \u00e0 des demandes individuelles par t\u00e9l\u00e9phone. Pendant ce temps, le PDG Gilbert Vielfaure, et son conseil d&rsquo;administration, travaillaient sans rel\u00e2che pour trouver un nouvel emplacement pour mieux r\u00e9pondre auxbesoins toujours croissants de la communaut\u00e9.<\/p>\n<p><a href=\"\/fr\/chc22140\/2020\/05\/25\/centre-flavie-laurent-acceptent-les-dons\/\" target=\"_blank\" rel=\"noopener noreferrer\">En savoir plus<\/a><\/p>\n<h3>St.Amant<\/h3>\n<hr \/>\n<p><img loading=\"lazy\" decoding=\"async\" src=\"https:\/\/reseaucompassionnetwork.ca\/wp-content\/uploads\/2020\/06\/yoga-150x150.jpg\" width=\"150\" height=\"150\" alt=\"\" class=\"wp-image-2533 alignleft size-thumbnail\" \/>Bien que de nombreux programmes aient \u00e9t\u00e9 report\u00e9s ou fondamentalement modifi\u00e9s en raison de COVID-19, le personnel de St.Amant n&rsquo;a pas cess\u00e9 de travailler avec compassion en coulisses pour continuer \u00e0 offrir des services importants.<\/p>\n<p>Le personnel de l&rsquo;\u00e9quipe de Jordan&rsquo;s Principle a cr\u00e9\u00e9 des moments de conscience accessibles et propose une vari\u00e9t\u00e9 d&rsquo;activit\u00e9s de conscience pour tous les \u00e2ges, de la respiration profonde au yoga et \u00e0 la fabrication de bave.<\/p>\n<p><a href=\"https:\/\/stamant.ca\/blog\/news\/mindful-moments-with-st-amant-jordans-principle\/\" target=\"_blank\" rel=\"noopener noreferrer\">En savoir plus<\/a><\/p>\n<h3>La ligne bien-\u00eatre St.Amant<\/h3>\n<hr \/>\n<p><img loading=\"lazy\" decoding=\"async\" src=\"https:\/\/reseaucompassionnetwork.ca\/wp-content\/uploads\/2020\/06\/resource-line-150x150.png\" width=\"150\" height=\"150\" alt=\"\" class=\"wp-image-2835 alignleft size-thumbnail\" \/>G\u00e9r\u00e9e par des conseillers et des travailleurs sociaux, la ligne bien-\u00eatre communautaire St.Amant a \u00e9t\u00e9 cr\u00e9\u00e9e en r\u00e9ponse \u00e0 la pand\u00e9mie COVID-19 pour les personnes souffrant de handicaps intellectuels ou de d\u00e9veloppement, leurs familles et leurs r\u00e9seaux de soutien.<\/p>\n<p><a href=\"\/fr\/chc22140\/2020\/05\/25\/st-amant-lance-une-ligne-dappel-pour-le-bien-etre-communautaire-a-la-lumiere-de-la-covid-19-2\/\">En savoir plus<\/a><\/p>\n<p>[\/et_pb_text][\/et_pb_column][et_pb_column type=\u00a0\u00bb1_3&Prime; _builder_version=\u00a0\u00bb4.4.7&Prime;][\/et_pb_column][\/et_pb_row][\/et_pb_section]<\/p>\n","protected":false},"excerpt":{"rendered":"<p>Les organisations de notre r\u00e9seau font un travail incroyable dans leurs communaut\u00e9s. Nous sommes fiers des contributions proactives et r\u00e9actives de chacune d\u2019elles alors qu\u2019elles ont r\u00e9pondu avec cr\u00e9ativit\u00e9 et en temps opportun aux besoins de COVID-19 dans notre communaut\u00e9. Nous sommes impressionn\u00e9s par leurs efforts inlassables, leur innovation, leur leadership et leur d\u00e9vouement tout&hellip; <a class=\"continue\" href=\"https:\/\/reseaucompassionnetwork.ca\/fr\/faits-marquants-du-reseau\/\">Continue Reading<span> Mise \u00e0 jour COVID-19<\/span><\/a><\/p>\n","protected":false},"author":126,"featured_media":0,"parent":0,"menu_order":0,"comment_status":"closed","ping_status":"closed","template":"","meta":{"_et_pb_use_builder":"on","_et_pb_old_content":"","_et_gb_content_width":"","_monsterinsights_skip_tracking":false,"_monsterinsights_sitenote_active":false,"_monsterinsights_sitenote_note":"","_monsterinsights_sitenote_category":0,"footnotes":""},"class_list":["post-2828","page","type-page","status-publish","hentry"],"_links":{"self":[{"href":"https:\/\/reseaucompassionnetwork.ca\/fr\/wp-json\/wp\/v2\/pages\/2828","targetHints":{"allow":["GET"]}}],"collection":[{"href":"https:\/\/reseaucompassionnetwork.ca\/fr\/wp-json\/wp\/v2\/pages"}],"about":[{"href":"https:\/\/reseaucompassionnetwork.ca\/fr\/wp-json\/wp\/v2\/types\/page"}],"author":[{"embeddable":true,"href":"https:\/\/reseaucompassionnetwork.ca\/fr\/wp-json\/wp\/v2\/users\/126"}],"replies":[{"embeddable":true,"href":"https:\/\/reseaucompassionnetwork.ca\/fr\/wp-json\/wp\/v2\/comments?post=2828"}],"version-history":[{"count":13,"href":"https:\/\/reseaucompassionnetwork.ca\/fr\/wp-json\/wp\/v2\/pages\/2828\/revisions"}],"predecessor-version":[{"id":8158,"href":"https:\/\/reseaucompassionnetwork.ca\/fr\/wp-json\/wp\/v2\/pages\/2828\/revisions\/8158"}],"wp:attachment":[{"href":"https:\/\/reseaucompassionnetwork.ca\/fr\/wp-json\/wp\/v2\/media?parent=2828"}],"curies":[{"name":"wp","href":"https:\/\/api.w.org\/{rel}","templated":true}]}}