

{"id":13555,"date":"2023-09-15T13:21:27","date_gmt":"2023-09-15T18:21:27","guid":{"rendered":"https:\/\/reseaucompassionnetwork.ca\/eventscalendar\/seances-sur-mesure\/"},"modified":"2023-09-15T13:21:27","modified_gmt":"2023-09-15T18:21:27","slug":"seances-sur-mesure","status":"publish","type":"mec-events","link":"https:\/\/reseaucompassionnetwork.ca\/fr\/eventscalendar\/seances-sur-mesure\/","title":{"rendered":"S\u00e9ances sur mesure"},"content":{"rendered":"<p>Si vous d\u00e9sirez organiser une formation relative \u00e0 ces sujets ou unes formation sure mesure pour votre \u00e9quipe, ou si fous souhaitez discuter des fa\u00e7ons dont nous pouvons aider votre organisation \u00e0 int\u00e9grer la compassion aux op\u00e9rations, veuillez communiquer avec Jennifer Kilimnik, directrice de la culture et de la compassion, en envoyant un message \u00e0 l&rsquo;adresse <a href=\"mailto:jkilimnik@reseaucompassionnetwork.ca\"> jkilimnik@reseaucompassionnetwork.ca <\/a> ou en composant le <a href=\"tel:2044710513\"> 204-471-0513<\/a>.<\/p>\n","protected":false},"excerpt":{"rendered":"<p>Si vous d\u00e9sirez organiser une formation relative \u00e0 ces sujets ou unes formation sure mesure pour votre \u00e9quipe, ou si fous souhaitez discuter des fa\u00e7ons dont nous pouvons aider votre organisation \u00e0 int\u00e9grer la compassion aux op\u00e9rations, veuillez communiquer avec Jennifer Kilimnik, directrice de la culture et de la compassion, en envoyant un message \u00e0&hellip; <a class=\"continue\" href=\"https:\/\/reseaucompassionnetwork.ca\/fr\/eventscalendar\/seances-sur-mesure\/\">Continue Reading<span> S\u00e9ances sur mesure<\/span><\/a><\/p>\n","protected":false},"author":4,"featured_media":0,"comment_status":"closed","ping_status":"closed","template":"","tags":[],"mec_category":[],"class_list":["post-13555","mec-events","type-mec-events","status-publish","hentry"],"_links":{"self":[{"href":"https:\/\/reseaucompassionnetwork.ca\/fr\/wp-json\/wp\/v2\/mec-events\/13555","targetHints":{"allow":["GET"]}}],"collection":[{"href":"https:\/\/reseaucompassionnetwork.ca\/fr\/wp-json\/wp\/v2\/mec-events"}],"about":[{"href":"https:\/\/reseaucompassionnetwork.ca\/fr\/wp-json\/wp\/v2\/types\/mec-events"}],"author":[{"embeddable":true,"href":"https:\/\/reseaucompassionnetwork.ca\/fr\/wp-json\/wp\/v2\/users\/4"}],"replies":[{"embeddable":true,"href":"https:\/\/reseaucompassionnetwork.ca\/fr\/wp-json\/wp\/v2\/comments?post=13555"}],"wp:attachment":[{"href":"https:\/\/reseaucompassionnetwork.ca\/fr\/wp-json\/wp\/v2\/media?parent=13555"}],"wp:term":[{"taxonomy":"post_tag","embeddable":true,"href":"https:\/\/reseaucompassionnetwork.ca\/fr\/wp-json\/wp\/v2\/tags?post=13555"},{"taxonomy":"mec_category","embeddable":true,"href":"https:\/\/reseaucompassionnetwork.ca\/fr\/wp-json\/wp\/v2\/mec_category?post=13555"}],"curies":[{"name":"wp","href":"https:\/\/api.w.org\/{rel}","templated":true}]}}